{"id":179,"date":"2016-02-06T12:41:26","date_gmt":"2016-02-06T12:41:26","guid":{"rendered":"http:\/\/acutema.org\/?page_id=179"},"modified":"2026-01-12T18:34:37","modified_gmt":"2026-01-12T18:34:37","slug":"acutema-4","status":"publish","type":"page","link":"https:\/\/acutema.org\/?page_id=179","title":{"rendered":"LOS AUT\u00c9NTICOS PROTAGONISTAS"},"content":{"rendered":"\n<p><\/p>\n\n\n<h1><span style=\"color: #0000ff;\">\u00bfQui\u00e9nes son los aut\u00e9nticos protagonistas?<\/span><\/h1>\n<h4>Los aut\u00e9nticos protagonistas de esta haza\u00f1a son aquellos que han puesto su trabajo y dedicaci\u00f3n altruista al servicio del conocimiento y disfrute del teatro grecolatino. Nosotros, los organizadores de estos Festivales y de eventos similares, s\u00f3lo nos esforzamos por dar cauce a su entusiasmo creador y divulgativo. En esta entrevista a cuatro directores de grupos de teatro juvenil grecolatino, Crist\u00f3bal Mac\u00edas Villalobos y Mar\u00eda G\u00f3mez Jaime nos ofrecen ejemplos de algunos grupos que han conseguido contagiarnos este amor por el teatro cl\u00e1sico de las antiguas Grecia y Roma:<\/h4>\n<p><a href=\"https:\/\/recyt.fecyt.es\/index.php\/rel\/article\/view\/116512\/86013\"><strong><span style=\"color: #ff00ff;\">https:\/\/recyt.fecyt.es\/index.php\/rel\/article\/view\/116512\/86013<\/span><\/strong><\/a><\/p>\n<h1><span style=\"color: #0000ff;\">\u00bfQu\u00e9 obras se representan?<\/span><\/h1>\n<h4>Las obras que llevamos a escena son todas aquellas que forman parte del repertorio cl\u00e1sico del teatro grecolatino, es decir, la comedia y la tragedia griega y latina, desde Esquilo hasta S\u00e9neca. Tambi\u00e9n en nuestras programaciones intentamos mostrar la repercusi\u00f3n del teatro cl\u00e1sico grecolatino en obras de inspiraci\u00f3n cl\u00e1sica de la literatura universal, desde Shakespeare hasta Lorca y m\u00e1s all\u00e1. Procuramos una programaci\u00f3n amena y motivadora que no se evada de los problemas sociales que afectaron y afectan a nuestras sociedades ni que evite exponer los dilemas del ser humano en toda su dimensi\u00f3n intemporal. Tampoco nos arredramos ante el contenido, que a algunos pudiera parecer excesivamente provocador, de algunas tragedias y comedias. El teatro que no provoca y no conmueve no merece tal denominaci\u00f3n. Como dijo Federico Garc\u00eda Lorca, <span style=\"color: #0000ff;\">\u00abel teatro que no recoge el latido social, el latido hist\u00f3rico, el drama de sus gentes y el color genuino de su paisaje y de su esp\u00edritu, con risa o con l\u00e1grimas, no tiene derecho a llamarse teatro, sino sala de juego o sitio para hacer esa horrible cosa que se llama matar el tiempo\u00bb.<\/span><\/h4>\n<p><span style=\"color: #ff0000;\">Como bot\u00f3n de muestra y para quienes se preguntan sobre el contenido moral de algunas obras teatrales, particularmente las comedias de Arist\u00f3fanes, remitimos a este esclarecedor art\u00edculo:\u00a0<\/span><\/p>\n<p><strong><span style=\"color: #800080;\"><a style=\"color: #800080;\" href=\"https:\/\/acutema.org\/wp-content\/uploads\/Pasajes_y_lexico_obsceno_en_Aristofanes.pdf\">Pasajes_y_lexico_obsceno_en_Aristofanes<\/a><\/span><\/strong><\/p>\n<h1>\u00a0<\/h1>\n<h1><span style=\"color: #ff0000;\"><strong>\u00bfQU\u00c9 ES ACUTEMA?<\/strong><\/span><\/h1>\n<h3><span style=\"color: #800080;\"><strong>CONSTITUCI\u00d3N DE ACUTEMA (29 DE JUNIO DE 2004)<\/strong><\/span><\/h3>\n<h3>Con la denominaci\u00f3n de <b>ASOCIACI\u00d3N CULTURAL DE TEATRO GRECORROMANO DE M\u00c1LAGA (ACUTEMA)<\/b>, se constituye en <b>M\u00c1LAGA EL DIA 29 DE JUNIO DE 2.004<\/b>, una organizaci\u00f3n de naturaleza asociativa y sin \u00e1nimo de lucro, al amparo de lo dispuesto en el art\u00edculo 22 de la Constituci\u00f3n Espa\u00f1ola, la <i>Ley Org\u00e1nica 1\/2002, de 22 de marzo, reguladora del Derecho de Asociaci\u00f3n<\/i> y dem\u00e1s disposiciones vigentes dictadas en desarrollo y aplicaci\u00f3n de aqu\u00e9lla, as\u00ed como las disposiciones normativas concordantes.<\/h3>\n<h3>El domicilio social de la Asociaci\u00f3n radicar\u00e1 en: <b>UNIVERSIDAD DE M\u00c1LAGA.<\/b> <b>FACULTAD DE FILOSOF\u00cdA Y LETRAS. SEMINARIO DE GRIEGO. CAMPUS DE TEATINOS, s\/n. ,<\/b> de la localidad de <b>M\u00c1LAGA<\/b>.<\/h3>\n<h3><span style=\"color: #800080;\"><strong>FINES DE LA ASOCIACI\u00d3N:<\/strong><\/span><\/h3>\n<ul>\n<li style=\"padding-left: 30px;\">\n<h3>Promover y difundir el Teatro Cl\u00e1sico Grecorromano en la sociedad.<\/h3>\n<\/li>\n<li style=\"padding-left: 30px;\">\n<h3>Participar activamente en la creaci\u00f3n de una conciencia sobre la importancia de este g\u00e9nero.<\/h3>\n<\/li>\n<li style=\"padding-left: 30px;\">\n<h3>Facilitar a todos los miembros el acceso a las fuentes de informaci\u00f3n sobre actividades relacionadas con el Teatro Cl\u00e1sico Grecorromano.<\/h3>\n<\/li>\n<\/ul>\n<div id=\"id1\" class=\"style_SkipStroke_1 shape-with-text\">\n<div class=\"text-content style_External_642_59\">\n<div class=\"style\">\n<h3 class=\"Header\"><span style=\"color: #800080;\"><strong>JUNTA DIRECTIVA DE ACUTEMA (ELEGIDA EN ASAMBLEA EXTRAORDINARIA CELEBRADA EL 1 DE JULIO DE 2015 PARA UN PER\u00cdODO DE 4 A\u00d1OS)<\/strong><\/span><\/h3>\n<div class=\"paragraph Header\">\n<div class=\"tinyText inline-block\">\n<h3><span style=\"color: #0000ff;\">Presidente<\/span><\/h3>\n<\/div>\n<\/div>\n<\/div>\n<\/div>\n<\/div>\n<div id=\"body_layer\">\n<div id=\"id2\" class=\"style_SkipStroke_2 shape-with-text\">\n<div class=\"text-content Normal_External_642_651\">\n<div class=\"Normal\">\n<h3 class=\"paragraph_style_1\"><span style=\"color: #000000;\">Antonio L\u00f3pez G\u00e1miz<\/span><\/h3>\n<h3 class=\"paragraph_style_1\"><span style=\"color: #0000ff;\">Vicepresidente 1\u00ba<\/span><\/h3>\n<h3 class=\"paragraph_style_1\">Crist\u00f3bal Mac\u00edas Villalobos<\/h3>\n<h3 class=\"paragraph_style_1\"><span style=\"color: #0000ff;\">Vicepresidente 2\u00ba<\/span><\/h3>\n<h3 class=\"paragraph_style_1\">Francisco Rodr\u00edguez Mar\u00edn<\/h3>\n<h3 class=\"paragraph_style_1\"><span style=\"color: #0000ff;\">Secretario<\/span><\/h3>\n<h3 class=\"paragraph_style_3\">Mar\u00eda G\u00f3mez Jaime<\/h3>\n<h3 class=\"paragraph_style_1\"><span style=\"color: #0000ff;\">Tesorero-Administrador<\/span><\/h3>\n<h3 class=\"paragraph_style_2\">Hilario Bautista Ruiz<\/h3>\n<h3 class=\"paragraph_style_1\"><span style=\"color: #0000ff;\">Vocal 1\u00ba<\/span><\/h3>\n<h3 class=\"paragraph_style_2\">Vasileios Balaskas<\/h3>\n<h3 class=\"paragraph_style_1\"><span style=\"color: #0000ff;\">Vocal 2\u00ba<\/span><\/h3>\n<h3 class=\"paragraph_style_1\">Isidro Molina Zorrilla<\/h3>\n<p>&nbsp;<\/p>\n<h3 class=\"paragraph_style_1\"><span style=\"color: #800080;\"><strong>SOCIOS DE HONOR DE ACUTEMA<\/strong><\/span><\/h3>\n<h4 class=\"paragraph_style\"><strong><img loading=\"lazy\" decoding=\"async\" class=\"alignnone size-full wp-image-223\" src=\"https:\/\/acutema.org\/wp-content\/uploads\/Aurelio-P\u00e9rez-Jim\u00e9nez.jpg\" alt=\"Aurelio P\u00e9rez Jim\u00e9nez\" width=\"204\" height=\"220\" \/><\/strong><\/h4>\n<h4 class=\"paragraph_style\"><strong>D. Aurelio P\u00e9rez Jim\u00e9nez <\/strong>(desde el 6 de abril de 2006)<\/h4>\n<h4 class=\"paragraph_style_9\"><strong><img loading=\"lazy\" decoding=\"async\" class=\"alignnone size-medium wp-image-224\" src=\"https:\/\/acutema.org\/wp-content\/uploads\/Miguel-Briones-300x200.jpg\" alt=\"Miguel Briones\" width=\"300\" height=\"200\" srcset=\"https:\/\/acutema.org\/wp-content\/uploads\/Miguel-Briones-300x200.jpg 300w, https:\/\/acutema.org\/wp-content\/uploads\/Miguel-Briones.jpg 657w\" sizes=\"auto, (max-width: 300px) 100vw, 300px\" \/><\/strong><\/h4>\n<h4 class=\"paragraph_style_9\"><strong>D. Miguel Briones Artacho <\/strong>(desde el 6 de abril de 2006)<\/h4>\n<h4 class=\"paragraph_style_9\"><strong><img loading=\"lazy\" decoding=\"async\" class=\"alignnone size-full wp-image-225\" src=\"https:\/\/acutema.org\/wp-content\/uploads\/Ra\u00fal-Caballero.png\" alt=\"Ra\u00fal Caballero\" width=\"157\" height=\"215\" \/><\/strong><\/h4>\n<h4 class=\"paragraph_style_9\"><strong>D. Ra\u00fal Caballero S\u00e1nchez <\/strong>(desde el 1 de julio de 2015)<\/h4>\n<\/div>\n<\/div>\n<\/div>\n<div class=\"spacer\">\u00a0<\/div>\n<\/div>\n<div id=\"footer_layer\">\u00a0<\/div>","protected":false},"excerpt":{"rendered":"<p>\u00bfQui\u00e9nes son los aut\u00e9nticos protagonistas? Los aut\u00e9nticos protagonistas de esta haza\u00f1a son aquellos que han puesto su trabajo y dedicaci\u00f3n altruista al servicio del conocimiento y disfrute del teatro grecolatino. Nosotros, los organizadores de estos Festivales y de eventos similares, s\u00f3lo nos esforzamos por dar cauce a su entusiasmo creador y divulgativo. En esta entrevista &hellip; <\/p>\n<p><a class=\"more-link btn\" href=\"https:\/\/acutema.org\/?page_id=179\">Seguir leyendo<\/a><\/p>\n","protected":false},"author":1,"featured_media":0,"parent":0,"menu_order":0,"comment_status":"closed","ping_status":"closed","template":"","meta":{"footnotes":""},"class_list":["post-179","page","type-page","status-publish","hentry","nodate","item-wrap"],"_links":{"self":[{"href":"https:\/\/acutema.org\/index.php?rest_route=\/wp\/v2\/pages\/179","targetHints":{"allow":["GET"]}}],"collection":[{"href":"https:\/\/acutema.org\/index.php?rest_route=\/wp\/v2\/pages"}],"about":[{"href":"https:\/\/acutema.org\/index.php?rest_route=\/wp\/v2\/types\/page"}],"author":[{"embeddable":true,"href":"https:\/\/acutema.org\/index.php?rest_route=\/wp\/v2\/users\/1"}],"replies":[{"embeddable":true,"href":"https:\/\/acutema.org\/index.php?rest_route=%2Fwp%2Fv2%2Fcomments&post=179"}],"version-history":[{"count":8,"href":"https:\/\/acutema.org\/index.php?rest_route=\/wp\/v2\/pages\/179\/revisions"}],"predecessor-version":[{"id":943,"href":"https:\/\/acutema.org\/index.php?rest_route=\/wp\/v2\/pages\/179\/revisions\/943"}],"wp:attachment":[{"href":"https:\/\/acutema.org\/index.php?rest_route=%2Fwp%2Fv2%2Fmedia&parent=179"}],"curies":[{"name":"wp","href":"https:\/\/api.w.org\/{rel}","templated":true}]}}